{"id":206,"date":"2017-07-09T15:42:08","date_gmt":"2017-07-09T13:42:08","guid":{"rendered":"https:\/\/praxisrautenberg.wordpress.com\/?page_id=206"},"modified":"2018-05-27T11:02:34","modified_gmt":"2018-05-27T11:02:34","slug":"impressum","status":"publish","type":"page","link":"https:\/\/praxisrautenberg.de\/?page_id=206","title":{"rendered":"Impressum"},"content":{"rendered":"<p><span style=\"font-family: verdana, geneva, sans-serif; font-size: 10pt;\"><strong>Anbieterkennzeichnung gem\u00e4\u00df \u00a7 5 TMG<\/strong><\/span><\/p>\n<p><span style=\"font-family: verdana, geneva, sans-serif; font-size: 10pt;\">Psychotherapeutische Praxis Julia Rautenberg<\/span><br \/>\n<span style=\"font-family: verdana, geneva, sans-serif; font-size: 10pt;\">Fischtorstr. 12<\/span><br \/>\n<span style=\"font-family: verdana, geneva, sans-serif; font-size: 10pt;\">55116 Mainz<\/span><br \/>\n<span style=\"font-family: verdana, geneva, sans-serif; font-size: 10pt;\">Telefon: 06131\/2144800<\/span><br \/>\n<span style=\"font-family: verdana, geneva, sans-serif; font-size: 10pt;\">Telefax: 06131\/2144809<\/span><br \/>\n<span style=\"font-family: verdana, geneva, sans-serif; font-size: 10pt;\">E-Mail: <a href=\"mailto:info@praxisrautenberg.de\">info@praxisrautenberg.de<\/a><u><br \/>\n<\/u>Website: <a href=\"http:\/\/www.praxisrautenberg.de\">www.praxisrautenberg.de<\/a><\/span><\/p>\n<p><span style=\"font-family: verdana, geneva, sans-serif; font-size: 10pt;\">Verantwortlich f\u00fcr den Inhalt nach \u00a755 Abs. 2 RStV: Julia Rautenberg<\/span><\/p>\n<p style=\"text-align: justify;\"><span style=\"font-family: verdana, geneva, sans-serif; font-size: 10pt;\"><strong>Geltungsraum der Versicherung:<\/strong><\/span><\/p>\n<p style=\"text-align: justify;\"><span style=\"font-family: verdana, geneva, sans-serif; font-size: 10pt;\">Deutschland<\/span><\/p>\n<p style=\"text-align: justify;\"><span style=\"font-family: verdana, geneva, sans-serif; font-size: 10pt;\"><strong>Gesetzliche Berufsbezeichnung:<\/strong><\/span><\/p>\n<p style=\"text-align: justify;\"><span style=\"font-family: verdana, geneva, sans-serif; font-size: 10pt;\">Dipl.-Psychologin und Psychologische Psychotherapeutin (Verhaltenstherapie), verliehen in der Bundesrepublik Deutschland<\/span><\/p>\n<p style=\"text-align: justify;\"><span style=\"font-family: verdana, geneva, sans-serif; font-size: 10pt;\"><strong>Ma\u00dfgebliche berufsrechtliche Regelungen:<\/strong><\/span><\/p>\n<p style=\"text-align: justify;\"><span style=\"font-family: verdana, geneva, sans-serif; font-size: 10pt;\">Gesetz \u00fcber die Berufe des Psychologischen Psychotherapeuten und des Kinder- und Jugendlichenpsychotherapeuten in der jeweils geltenden Fassung (PsychThG)<\/span><\/p>\n<p style=\"text-align: justify;\"><span style=\"font-family: verdana, geneva, sans-serif; font-size: 10pt;\">Gesetz \u00fcber das Berufsrecht und die Kammern der \u00c4rzte, Zahn\u00e4rzte, Tier\u00e4rzte, Apotheker, Psychologischen Psychotherapeuten sowie der Kinder- und Jugendlichenpsychotherapeuten (HBKG Rheinland-Pfalz) in der jeweils geltenden Fassung<\/span><\/p>\n<p style=\"text-align: justify;\"><span style=\"font-family: verdana, geneva, sans-serif; font-size: 10pt;\">Berufsordnung f\u00fcr Psychologische Psychotherapeuten und Kinder- und Jugendlichenpsychotherapeuten der Landespsychotherapeutenkammer Rheinland-Pfalz in der jeweils geltenden Fassung<\/span><\/p>\n<p style=\"text-align: justify;\"><span style=\"font-family: verdana, geneva, sans-serif; font-size: 10pt;\">Texte der vorgenannten Bestimmungen sind im Buchhandel erh\u00e4ltlich oder auf der Homepage der Aufsichtsbeh\u00f6rde abrufbar.<\/span><\/p>\n<p style=\"text-align: justify;\"><span style=\"font-family: verdana, geneva, sans-serif; font-size: 10pt;\"><strong>Zust\u00e4ndige Aufsichtsbeh\u00f6rde:<\/strong><\/span><\/p>\n<p style=\"text-align: justify;\"><span style=\"font-family: verdana, geneva, sans-serif; font-size: 10pt;\">LandesPsychotherapeutenkammer Rheinland-Pfalz<\/span><br \/>\n<span style=\"font-family: verdana, geneva, sans-serif; font-size: 10pt;\">K\u00f6rperschaft des \u00f6ffentlichen Rechts<\/span><br \/>\n<span style=\"font-family: verdana, geneva, sans-serif; font-size: 10pt;\">Diether-von-Isenburg-Str. 9-11<\/span><br \/>\n<span style=\"font-family: verdana, geneva, sans-serif; font-size: 10pt;\">55116 Mainz<\/span><br \/>\n<span style=\"font-family: verdana, geneva, sans-serif; font-size: 10pt;\">Tel.: 06131\/93055-0<\/span><br \/>\n<span style=\"font-family: verdana, geneva, sans-serif; font-size: 10pt;\">Fax: 06131\/93055-20<\/span><br \/>\n<span style=\"font-family: verdana, geneva, sans-serif; font-size: 10pt;\">E-Mail: <a href=\"mailto:service@lpk-rlp.de\">service@lpk-rlp.de<br \/>\n<\/a>Website: <a href=\"http:\/\/www.lpk-rlp.de\/\">www.lpk-rlp.de<\/a><\/span><\/p>\n<p style=\"text-align: justify;\"><span style=\"font-family: verdana, geneva, sans-serif; font-size: 10pt;\"><strong>Berufsrechtliche Angaben<\/strong><\/span><\/p>\n<p style=\"text-align: justify;\"><span style=\"font-family: verdana, geneva, sans-serif; font-size: 10pt;\">Julia Rautenberg, Psychotherapeutin f\u00fcr Verhaltenstherapie<\/span><br \/>\n<span style=\"font-family: verdana, geneva, sans-serif; font-size: 10pt;\">Approbation verliehen durch Regierungspr\u00e4sidium Dresden<\/span><br \/>\n<span style=\"font-family: verdana, geneva, sans-serif; font-size: 10pt;\">Eintrag in das Arztregister Rheinland-Pfalz LANR: 5969931<\/span><br \/>\n<span style=\"font-family: verdana, geneva, sans-serif; font-size: 10pt;\">BSNR: 486903700<\/span><br \/>\n<span style=\"font-family: verdana, geneva, sans-serif; font-size: 10pt;\">Steuernummer: 26\/229\/15735<\/span><\/p>\n<p style=\"text-align: justify;\"><span style=\"font-family: verdana, geneva, sans-serif; font-size: 10pt;\"><strong>Kammerzugeh\u00f6rigkeit<\/strong><\/span><\/p>\n<p style=\"text-align: justify;\"><span style=\"font-family: verdana, geneva, sans-serif; font-size: 10pt;\">Landespsychotherapeutenkammer Rheinland-Pfalz<\/span><br \/>\n<span style=\"font-family: verdana, geneva, sans-serif; font-size: 10pt;\">Diether-von-Isenburg-Str. 9-11<\/span><br \/>\n<span style=\"font-family: verdana, geneva, sans-serif; font-size: 10pt;\">55116 Mainz<\/span><\/p>\n<p style=\"text-align: justify;\"><span style=\"font-family: verdana, geneva, sans-serif; font-size: 10pt;\"><strong>Zust\u00e4ndige Aufsichtsbeh\u00f6rde f\u00fcr vertragspsychotherapeutische T\u00e4tigkeiten<\/strong><\/span><\/p>\n<p style=\"text-align: justify;\"><span style=\"font-family: verdana, geneva, sans-serif; font-size: 10pt;\">Kassen\u00e4rztliche Vereinigung Rheinland-Pfalz<\/span><br \/>\n<span style=\"font-family: verdana, geneva, sans-serif; font-size: 10pt;\">Isaac-Fulda-Allee 14<\/span><br \/>\n<span style=\"font-family: verdana, geneva, sans-serif; font-size: 10pt;\">55124 Mainz<\/span><\/p>\n<p style=\"text-align: justify;\"><span style=\"font-family: verdana, geneva, sans-serif; font-size: 10pt;\"><strong>Zust\u00e4ndige Aufsichtsbeh\u00f6rde (approbationsrechtlich)<\/strong><\/span><\/p>\n<p style=\"text-align: justify;\"><span style=\"font-family: verdana, geneva, sans-serif; font-size: 10pt;\">Landesamt f\u00fcr Soziales, Jugend und Versorgung<\/span><br \/>\n<span style=\"font-family: verdana, geneva, sans-serif; font-size: 10pt;\">Rheinallee 97-101<\/span><br \/>\n<span style=\"font-family: verdana, geneva, sans-serif; font-size: 10pt;\">55118 Mainz<\/span><\/p>\n<p style=\"text-align: justify;\"><span style=\"font-family: verdana, geneva, sans-serif; font-size: 10pt;\">Alle auf unserer Seite vorgestellten Psychotherapeut\/innen haben Ihre Approbation und damit Ihre Zulassung zum Beruf des Psychotherapeuten bzw. der Psychotherapeutin durch die jeweils zust\u00e4ndige Landesbeh\u00f6rde der Bundesrepublik Deutschland verliehen bekommen. Die Informationen zu den berufsrechtlichen Regeln sowie zu den zust\u00e4ndigen Aufsichtsbeh\u00f6rden\/Kammern gelten entsprechend.<\/span><\/p>\n<p style=\"text-align: justify;\"><span style=\"font-family: verdana, geneva, sans-serif; font-size: 10pt;\"><strong>Au\u00dfergerichtliche Streitschlichtung:<\/strong><\/span><\/p>\n<p style=\"text-align: justify;\"><span style=\"font-family: verdana, geneva, sans-serif; font-size: 10pt;\">Die EU-Kommission stellt eine Plattform zur Online-Streitbeilegung (OS-Plattform) verbraucherrechtlicher Streitigkeiten bereit, die aus Online-Kaufvertr\u00e4gen und Online-Dienstleistungsvertr\u00e4gen resultieren. Diese Plattform erreichen Sie im Internet unter: http:\/\/ec.europa.eu\/consumers\/odr\/.Wir sind nicht bereit oder verpflichtet, an Streitbeilegungsverfahren vor einer Verbraucherschlichtungsstelle teilzunehmen. Uns ist vielmehr daran gelegen, Streitigkeiten mit unseren Kunden im direkten Kontakt zu kl\u00e4ren. Bitte wenden Sie sich an den Kundenservice. Wir sind erreichbar unter der folgenden E-Mail-Adresse: info@praxisrautenberg.de<\/span><\/p>\n<p style=\"text-align: justify;\"><span style=\"font-family: verdana, geneva, sans-serif; font-size: 10pt;\"><strong>Haftung f\u00fcr Inhalte:<\/strong><\/span><\/p>\n<p style=\"text-align: justify;\"><span style=\"font-family: verdana, geneva, sans-serif; font-size: 10pt;\">Alle Angaben und Daten wurden nach bestem Wissen erstellt, es wird jedoch keine Gew\u00e4hr f\u00fcr deren Vollst\u00e4ndigkeit und Richtigkeit \u00fcbernommen. Als Diensteanbieter sind wir gem\u00e4\u00df \u00a7 7 Abs.1 TMG f\u00fcr eigene Inhalte auf diesen Seiten nach den allgemeinen Gesetzen verantwortlich. Nach \u00a7\u00a7 8 bis 10 TMG sind wir als Diensteanbieter jedoch nicht verpflichtet, \u00fcbermittelte oder gespeicherte fremde Informationen zu \u00fcberwachen oder nach Umst\u00e4nden zu forschen, die auf eine rechtswidrige T\u00e4tigkeit hinweisen. Verpflichtungen zur Entfernung oder Sperrung der Nutzung von Informationen nach den allgemeinen Gesetzen bleiben hiervon unber\u00fchrt. Eine diesbez\u00fcgliche Haftung ist jedoch erst ab dem Zeitpunkt der Kenntnis einer konkreten Rechtsverletzung m\u00f6glich. Bei Bekanntwerden von entsprechenden Rechtsverletzungen werden wir diese Inhalte umgehend entfernen.<\/span><\/p>\n<p style=\"text-align: justify;\"><span style=\"font-family: verdana, geneva, sans-serif; font-size: 10pt;\"><strong>Haftung f\u00fcr Links:<\/strong><\/span><\/p>\n<p style=\"text-align: justify;\"><span style=\"font-family: verdana, geneva, sans-serif; font-size: 10pt;\">Unser Angebot enth\u00e4lt Links zu externen Websites Dritter, auf deren Inhalte wir keinen Einfluss haben. Deshalb k\u00f6nnen wir f\u00fcr diese fremden Inhalte auch keine Gew\u00e4hr \u00fcbernehmen. F\u00fcr die Inhalte der verlinkten Seiten ist stets der jeweilige Anbieter oder Betreiber der Seiten verantwortlich. Die verlinkten Seiten wurden zum Zeitpunkt der Verlinkung auf m\u00f6gliche Rechtsverst\u00f6\u00dfe \u00fcberpr\u00fcft. Rechtswidrige Inhalte waren zum Zeitpunkt der Verlinkung nicht erkennbar. Deshalb distanzieren wir uns hiermit ausdr\u00fccklich von allen Inhalten aller gelinkten Seiten. Eine permanente inhaltliche Kontrolle der verlinkten Seiten ist jedoch ohne konkrete Anhaltspunkte einer Rechtsverletzung nicht zumutbar. Bei Bekanntwerden von Rechtsverletzungen werden wir derartige Links umgehend entfernen.<\/span><\/p>\n<p style=\"text-align: justify;\"><span style=\"font-family: verdana, geneva, sans-serif; font-size: 10pt;\"><strong>Urheberrecht:<\/strong><\/span><\/p>\n<p style=\"text-align: justify;\"><span style=\"font-family: verdana, geneva, sans-serif; font-size: 10pt;\">Alle in diesem Angebot ver\u00f6ffentlichten Beitr\u00e4ge sind urheberrechtlich gesch\u00fctzt. Die durch die Seitenbetreiber erstellten Inhalte und Werke auf diesen Seiten unterliegen dem deutschen Urheberrecht. Die Vervielf\u00e4ltigung, Bearbeitung, Verbreitung und jede Art der Verwertung au\u00dferhalb der Grenzen des Urheberrechtes bed\u00fcrfen der schriftlichen Zustimmung des jeweiligen Autors bzw. Erstellers. Downloads und Kopien dieser Seite sind nur f\u00fcr den privaten, nicht kommerziellen Gebrauch gestattet. Angebote und Allgemeine Gesch\u00e4ftsbedingungen (AGB) d\u00fcrfen f\u00fcr Bestellungen jedoch ausgedruckt werden. <\/span><br \/>\n<span style=\"font-family: verdana, geneva, sans-serif; font-size: 10pt;\">Soweit die Inhalte auf dieser Seite nicht vom Betreiber erstellt wurden, werden die Urheberrechte Dritter beachtet. Insbesondere werden Inhalte Dritter als solche gekennzeichnet. Sollten Sie trotzdem auf eine Urheberrechtsverletzung aufmerksam werden, bitten wir um einen entsprechenden Hinweis. Bei Bekanntwerden von Rechtsverletzungen werden wir derartige Inhalte umgehend entfernen.<\/span><\/p>\n<p style=\"text-align: justify;\"><span style=\"font-family: verdana, geneva, sans-serif; font-size: 10pt;\"><strong>Datenschutz:<\/strong><\/span><\/p>\n<p style=\"text-align: justify;\"><span style=\"font-family: verdana, geneva, sans-serif; font-size: 10pt;\">Unsere Datenschutzerkl\u00e4rung finden Sie unter der Seite &#8222;Datenschutz&#8220;.<\/span><\/p>\n<p style=\"text-align: justify;\"><span style=\"font-family: verdana, geneva, sans-serif; font-size: 10pt;\"><strong>Programmierung und Gestaltung der Homepage<\/strong>:<\/span><br \/>\n<span style=\"font-family: verdana, geneva, sans-serif; font-size: 10pt;\">Petra Steinmetz (<a href=\"mailto:petra.steinmetz@weintraum24.de\">petra.steinmetz@weintraum24.de<\/a>)<\/span><\/p>\n<p style=\"text-align: justify;\">\n","protected":false},"excerpt":{"rendered":"<p>Anbieterkennzeichnung gem\u00e4\u00df \u00a7 5 TMG Psychotherapeutische Praxis Julia Rautenberg Fischtorstr. 12 55116 Mainz Telefon: 06131\/2144800 Telefax: 06131\/2144809 E-Mail: info@praxisrautenberg.de Website: www.praxisrautenberg.de Verantwortlich f\u00fcr den Inhalt nach \u00a755 Abs. 2 RStV: Julia Rautenberg Geltungsraum der Versicherung: Deutschland Gesetzliche Berufsbezeichnung: Dipl.-Psychologin und Psychologische Psychotherapeutin (Verhaltenstherapie), verliehen in der Bundesrepublik Deutschland Ma\u00dfgebliche berufsrechtliche Regelungen: Gesetz \u00fcber die Berufe&hellip; <a href=\"https:\/\/praxisrautenberg.de\/?page_id=206\" class=\"more-link\">Weiterlesen <span class=\"screen-reader-text\">Impressum<\/span><\/a><\/p>\n","protected":false},"author":1,"featured_media":0,"parent":23,"menu_order":0,"comment_status":"closed","ping_status":"closed","template":"","meta":{"footnotes":""},"class_list":["post-206","page","type-page","status-publish","hentry"],"_links":{"self":[{"href":"https:\/\/praxisrautenberg.de\/index.php?rest_route=\/wp\/v2\/pages\/206","targetHints":{"allow":["GET"]}}],"collection":[{"href":"https:\/\/praxisrautenberg.de\/index.php?rest_route=\/wp\/v2\/pages"}],"about":[{"href":"https:\/\/praxisrautenberg.de\/index.php?rest_route=\/wp\/v2\/types\/page"}],"author":[{"embeddable":true,"href":"https:\/\/praxisrautenberg.de\/index.php?rest_route=\/wp\/v2\/users\/1"}],"replies":[{"embeddable":true,"href":"https:\/\/praxisrautenberg.de\/index.php?rest_route=%2Fwp%2Fv2%2Fcomments&post=206"}],"version-history":[{"count":17,"href":"https:\/\/praxisrautenberg.de\/index.php?rest_route=\/wp\/v2\/pages\/206\/revisions"}],"predecessor-version":[{"id":424,"href":"https:\/\/praxisrautenberg.de\/index.php?rest_route=\/wp\/v2\/pages\/206\/revisions\/424"}],"up":[{"embeddable":true,"href":"https:\/\/praxisrautenberg.de\/index.php?rest_route=\/wp\/v2\/pages\/23"}],"wp:attachment":[{"href":"https:\/\/praxisrautenberg.de\/index.php?rest_route=%2Fwp%2Fv2%2Fmedia&parent=206"}],"curies":[{"name":"wp","href":"https:\/\/api.w.org\/{rel}","templated":true}]}}